{"id":252,"date":"2021-12-07T19:10:02","date_gmt":"2021-12-07T18:10:02","guid":{"rendered":"https:\/\/gestaltung.architektur.uni-siegen.de\/?page_id=252"},"modified":"2026-04-25T12:07:37","modified_gmt":"2026-04-25T10:07:37","slug":"forschung","status":"publish","type":"page","link":"https:\/\/gestaltung.architektur.uni-siegen.de\/index.php\/forschung\/","title":{"rendered":"Forschung"},"content":{"rendered":"\t\t<div data-elementor-type=\"wp-page\" data-elementor-id=\"252\" class=\"elementor elementor-252\">\n\t\t\t\t\t\t<section class=\"elementor-section elementor-top-section elementor-element elementor-element-3424842 elementor-section-boxed elementor-section-height-default elementor-section-height-default\" data-id=\"3424842\" data-element_type=\"section\" data-e-type=\"section\">\n\t\t\t\t\t\t<div class=\"elementor-container elementor-column-gap-default\">\n\t\t\t\t\t<div class=\"elementor-column elementor-col-100 elementor-top-column elementor-element elementor-element-6050136\" data-id=\"6050136\" data-element_type=\"column\" data-e-type=\"column\">\n\t\t\t<div class=\"elementor-widget-wrap elementor-element-populated\">\n\t\t\t\t\t\t<div class=\"elementor-element elementor-element-2bfdc07 elementor-widget elementor-widget-text-editor\" data-id=\"2bfdc07\" data-element_type=\"widget\" data-e-type=\"widget\" data-widget_type=\"text-editor.default\">\n\t\t\t\t<div class=\"elementor-widget-container\">\n\t\t\t\t\t\t\t\t\t<p>Kooperation mit dem Forschungsprojekt:<\/p>\t\t\t\t\t\t\t\t<\/div>\n\t\t\t\t<\/div>\n\t\t\t\t\t<\/div>\n\t\t<\/div>\n\t\t\t\t\t<\/div>\n\t\t<\/section>\n\t\t\t\t<section class=\"elementor-section elementor-top-section elementor-element elementor-element-8f3bd4f elementor-section-boxed elementor-section-height-default elementor-section-height-default\" data-id=\"8f3bd4f\" data-element_type=\"section\" data-e-type=\"section\">\n\t\t\t\t\t\t<div class=\"elementor-container elementor-column-gap-default\">\n\t\t\t\t\t<div class=\"elementor-column elementor-col-100 elementor-top-column elementor-element elementor-element-1317be1\" data-id=\"1317be1\" data-element_type=\"column\" data-e-type=\"column\">\n\t\t\t<div class=\"elementor-widget-wrap elementor-element-populated\">\n\t\t\t\t\t\t<div class=\"elementor-element elementor-element-ee3d946 elementor-widget elementor-widget-heading\" data-id=\"ee3d946\" data-element_type=\"widget\" data-e-type=\"widget\" data-widget_type=\"heading.default\">\n\t\t\t\t<div class=\"elementor-widget-container\">\n\t\t\t\t\t<h2 class=\"elementor-heading-title elementor-size-default\">Literary Modelling and Energy Transition (LMET)<\/h2>\t\t\t\t<\/div>\n\t\t\t\t<\/div>\n\t\t\t\t\t<\/div>\n\t\t<\/div>\n\t\t\t\t\t<\/div>\n\t\t<\/section>\n\t\t\t\t<section class=\"elementor-section elementor-top-section elementor-element elementor-element-45db18d elementor-section-boxed elementor-section-height-default elementor-section-height-default\" data-id=\"45db18d\" data-element_type=\"section\" data-e-type=\"section\">\n\t\t\t\t\t\t<div class=\"elementor-container elementor-column-gap-default\">\n\t\t\t\t\t<div class=\"elementor-column elementor-col-50 elementor-top-column elementor-element elementor-element-7f047da\" data-id=\"7f047da\" data-element_type=\"column\" data-e-type=\"column\">\n\t\t\t<div class=\"elementor-widget-wrap elementor-element-populated\">\n\t\t\t\t\t\t<div class=\"elementor-element elementor-element-8d87c4a elementor-widget elementor-widget-text-editor\" data-id=\"8d87c4a\" data-element_type=\"widget\" data-e-type=\"widget\" data-widget_type=\"text-editor.default\">\n\t\t\t\t<div class=\"elementor-widget-container\">\n\t\t\t\t\t\t\t\t\t<p>WWU University of M\u00fcnster<br>KIT Karlsruhe Institute of Technology<\/p>\n<p>Supported by Volkswagen Foundation<br>Funding Line Offen f\u00fcr Au\u00dfergew\u00f6hnliches \u2013 Off the Beaten Track<\/p>\n<p>LITERARY MODELLING AND ENERGY TRANSITION (LMET) is a collaborative research and consulting network at the University of M\u00fcnster (WWU) and the Karlsruhe Institute of Technology (KIT). Funded by the Volkswagen Foundation, LMET targets one of the most controversial challenges \u2013 and most ambiguous topics \u2013 of contemporary science and society: the modelling of energy transition. Analysing the transition energies that forcefully emerge whenever long-established strategies, technologies and energy resources are to be replaced by new and non-conventional alternatives, the research group develops a strategic roadmap for a thorough understanding of the process at large. By viewing it both as a technological and as a cultural endeavour, LMET takes into account the hidden or subdued agendas of the technosocial setting in question: of the undisclosed aesthetic, ethical, political, historical and even esoteric values that pervade the Energy Imaginary and its narratives.<\/p>\n<p>INTERNATIONAL LMET CONFERENCE<br>October 2021<\/p>\n<p>THE MODELLING OF ENERGY TRANSITION. CULTURES \/ VISIONS \/ NARRATIVES<br>04\/10\/2021 &#8211; 06\/10\/2021, M\u00fcnster, Germany<\/p>\n<p>THE BLIND SPOTS OF MODELLING<br>Exhibition by Tobias Becker<\/p>\n<p>The conference is accompanied by an exhibition in which models and modelling processes from scientific fields (such as energy technology) are juxtaposed with the visual arts in the form of model-aesthetic works by Tobias Becker. The differences of the models, not only in their origin but also in intention and appearance, invite a reflection on the constituting moments that are hidden behind the respective expressions.<br>While the scientific model is committed to the greatest possible closeness to reality and usability, the artistic model formulates itself freely and operates in self-reflexive and media-reflexive modes that can play out the possibilities and limits of model-like languages. Compiled with attention to essential procedures and modes in model formation, the exhibition provides insight into this difficult practice from two perspectives and thus functions as an aesthetic counterpart to the model critique formulated in the context of the conference<\/p>\n<p><a href=\"https:\/\/www.uni-muenster.de\/LMET\/project\/index.html\" target=\"_blank\" rel=\"noopener\">https:\/\/www.uni-muenster.de\/LMET<\/a><\/p>\n<p>Das Forschungsprojekt schlie\u00dft mit der dreib\u00e4ndigen Publikationsreihe &#8222;Poetics of Modelling&#8220; ab. <br>Erster Band &#8222;Modelling the Energy Transition. Cultures, Visions, Narratives&#8220;, 2025, siehe&nbsp;<a href=\"https:\/\/gestaltung.architektur.uni-siegen.de\/index.php\/publikationen\/\">Publikationen<\/a><\/p>\t\t\t\t\t\t\t\t<\/div>\n\t\t\t\t<\/div>\n\t\t\t\t\t<\/div>\n\t\t<\/div>\n\t\t\t\t<div class=\"elementor-column elementor-col-50 elementor-top-column elementor-element elementor-element-c7fef3f\" data-id=\"c7fef3f\" data-element_type=\"column\" data-e-type=\"column\">\n\t\t\t<div class=\"elementor-widget-wrap elementor-element-populated\">\n\t\t\t\t\t\t<div class=\"elementor-element elementor-element-c304954 elementor-widget elementor-widget-image\" data-id=\"c304954\" data-element_type=\"widget\" data-e-type=\"widget\" data-widget_type=\"image.default\">\n\t\t\t\t<div class=\"elementor-widget-container\">\n\t\t\t\t\t\t\t\t\t\t\t\t<figure class=\"wp-caption\">\n\t\t\t\t\t\t\t\t\t\t<img fetchpriority=\"high\" decoding=\"async\" width=\"1024\" height=\"683\" src=\"https:\/\/gestaltung.architektur.uni-siegen.de\/wp-content\/uploads\/2022\/04\/LMET_2-1-1024x683.jpg\" class=\"attachment-large size-large wp-image-2308\" alt=\"\" srcset=\"https:\/\/gestaltung.architektur.uni-siegen.de\/wp-content\/uploads\/2022\/04\/LMET_2-1-1024x683.jpg 1024w, https:\/\/gestaltung.architektur.uni-siegen.de\/wp-content\/uploads\/2022\/04\/LMET_2-1-300x200.jpg 300w, https:\/\/gestaltung.architektur.uni-siegen.de\/wp-content\/uploads\/2022\/04\/LMET_2-1-768x512.jpg 768w, https:\/\/gestaltung.architektur.uni-siegen.de\/wp-content\/uploads\/2022\/04\/LMET_2-1-1536x1024.jpg 1536w, https:\/\/gestaltung.architektur.uni-siegen.de\/wp-content\/uploads\/2022\/04\/LMET_2-1-2048x1366.jpg 2048w\" sizes=\"(max-width: 1024px) 100vw, 1024px\" \/>\t\t\t\t\t\t\t\t\t\t\t<figcaption class=\"widget-image-caption wp-caption-text\"><\/figcaption>\n\t\t\t\t\t\t\t\t\t\t<\/figure>\n\t\t\t\t\t\t\t\t\t<\/div>\n\t\t\t\t<\/div>\n\t\t\t\t<div class=\"elementor-element elementor-element-6ec12b9 elementor-widget elementor-widget-image\" data-id=\"6ec12b9\" data-element_type=\"widget\" data-e-type=\"widget\" data-widget_type=\"image.default\">\n\t\t\t\t<div class=\"elementor-widget-container\">\n\t\t\t\t\t\t\t\t\t\t\t\t\t\t\t<img decoding=\"async\" width=\"1024\" height=\"683\" src=\"https:\/\/gestaltung.architektur.uni-siegen.de\/wp-content\/uploads\/2022\/04\/LMET_1-1024x683.jpg\" class=\"attachment-large size-large wp-image-2279\" alt=\"\" srcset=\"https:\/\/gestaltung.architektur.uni-siegen.de\/wp-content\/uploads\/2022\/04\/LMET_1-1024x683.jpg 1024w, https:\/\/gestaltung.architektur.uni-siegen.de\/wp-content\/uploads\/2022\/04\/LMET_1-300x200.jpg 300w, https:\/\/gestaltung.architektur.uni-siegen.de\/wp-content\/uploads\/2022\/04\/LMET_1-768x512.jpg 768w, https:\/\/gestaltung.architektur.uni-siegen.de\/wp-content\/uploads\/2022\/04\/LMET_1.jpg 1417w\" sizes=\"(max-width: 1024px) 100vw, 1024px\" \/>\t\t\t\t\t\t\t\t\t\t\t\t\t\t\t<\/div>\n\t\t\t\t<\/div>\n\t\t\t\t<div class=\"elementor-element elementor-element-5c1c478 elementor-widget__width-initial elementor-widget elementor-widget-image\" data-id=\"5c1c478\" data-element_type=\"widget\" data-e-type=\"widget\" data-widget_type=\"image.default\">\n\t\t\t\t<div class=\"elementor-widget-container\">\n\t\t\t\t\t\t\t\t\t\t\t\t<figure class=\"wp-caption\">\n\t\t\t\t\t\t\t\t\t\t<img decoding=\"async\" width=\"1024\" height=\"683\" src=\"https:\/\/gestaltung.architektur.uni-siegen.de\/wp-content\/uploads\/2022\/04\/LMET_3-1-1024x683.jpg\" class=\"attachment-large size-large wp-image-2304\" alt=\"\" srcset=\"https:\/\/gestaltung.architektur.uni-siegen.de\/wp-content\/uploads\/2022\/04\/LMET_3-1-1024x683.jpg 1024w, https:\/\/gestaltung.architektur.uni-siegen.de\/wp-content\/uploads\/2022\/04\/LMET_3-1-300x200.jpg 300w, https:\/\/gestaltung.architektur.uni-siegen.de\/wp-content\/uploads\/2022\/04\/LMET_3-1-768x512.jpg 768w, https:\/\/gestaltung.architektur.uni-siegen.de\/wp-content\/uploads\/2022\/04\/LMET_3-1-1536x1024.jpg 1536w, https:\/\/gestaltung.architektur.uni-siegen.de\/wp-content\/uploads\/2022\/04\/LMET_3-1-2048x1366.jpg 2048w\" sizes=\"(max-width: 1024px) 100vw, 1024px\" \/>\t\t\t\t\t\t\t\t\t\t\t<figcaption class=\"widget-image-caption wp-caption-text\">The Blind Spots of Modelling, WWU M\u00fcnster,  Ausstellungsansichten, Fotos: Astrid Piethan<\/figcaption>\n\t\t\t\t\t\t\t\t\t\t<\/figure>\n\t\t\t\t\t\t\t\t\t<\/div>\n\t\t\t\t<\/div>\n\t\t\t\t\t<\/div>\n\t\t<\/div>\n\t\t\t\t\t<\/div>\n\t\t<\/section>\n\t\t\t\t<section class=\"elementor-section elementor-top-section elementor-element elementor-element-fc7bbca elementor-section-boxed elementor-section-height-default elementor-section-height-default\" data-id=\"fc7bbca\" data-element_type=\"section\" data-e-type=\"section\">\n\t\t\t\t\t\t<div class=\"elementor-container elementor-column-gap-default\">\n\t\t\t\t\t<div class=\"elementor-column elementor-col-100 elementor-top-column elementor-element elementor-element-d5eb5f9\" data-id=\"d5eb5f9\" data-element_type=\"column\" data-e-type=\"column\">\n\t\t\t<div class=\"elementor-widget-wrap elementor-element-populated\">\n\t\t\t\t\t\t<div class=\"elementor-element elementor-element-2623410 elementor-widget elementor-widget-image\" data-id=\"2623410\" data-element_type=\"widget\" data-e-type=\"widget\" data-widget_type=\"image.default\">\n\t\t\t\t<div class=\"elementor-widget-container\">\n\t\t\t\t\t\t\t\t\t\t\t\t\t\t\t<img loading=\"lazy\" decoding=\"async\" width=\"375\" height=\"243\" src=\"https:\/\/gestaltung.architektur.uni-siegen.de\/wp-content\/uploads\/2021\/12\/Asset8.png\" class=\"attachment-large size-large wp-image-416\" alt=\"\" srcset=\"https:\/\/gestaltung.architektur.uni-siegen.de\/wp-content\/uploads\/2021\/12\/Asset8.png 375w, https:\/\/gestaltung.architektur.uni-siegen.de\/wp-content\/uploads\/2021\/12\/Asset8-300x194.png 300w\" sizes=\"(max-width: 375px) 100vw, 375px\" \/>\t\t\t\t\t\t\t\t\t\t\t\t\t\t\t<\/div>\n\t\t\t\t<\/div>\n\t\t\t\t\t<\/div>\n\t\t<\/div>\n\t\t\t\t\t<\/div>\n\t\t<\/section>\n\t\t\t\t<section class=\"elementor-section elementor-top-section elementor-element elementor-element-232e6a9 elementor-section-boxed elementor-section-height-default elementor-section-height-default\" data-id=\"232e6a9\" data-element_type=\"section\" data-e-type=\"section\">\n\t\t\t\t\t\t<div class=\"elementor-container elementor-column-gap-default\">\n\t\t\t\t\t<div class=\"elementor-column elementor-col-50 elementor-top-column elementor-element elementor-element-5ee4022\" data-id=\"5ee4022\" data-element_type=\"column\" data-e-type=\"column\">\n\t\t\t<div class=\"elementor-widget-wrap elementor-element-populated\">\n\t\t\t\t\t\t<div class=\"elementor-element elementor-element-eafad8a elementor-widget elementor-widget-heading\" data-id=\"eafad8a\" data-element_type=\"widget\" data-e-type=\"widget\" data-widget_type=\"heading.default\">\n\t\t\t\t<div class=\"elementor-widget-container\">\n\t\t\t\t\t<h2 class=\"elementor-heading-title elementor-size-default\">Lens on! \nFotografieren in architektonischen Entwurfsprozessen der Moderne<\/h2>\t\t\t\t<\/div>\n\t\t\t\t<\/div>\n\t\t\t\t\t<\/div>\n\t\t<\/div>\n\t\t\t\t<div class=\"elementor-column elementor-col-50 elementor-top-column elementor-element elementor-element-9cd2e65\" data-id=\"9cd2e65\" data-element_type=\"column\" data-e-type=\"column\">\n\t\t\t<div class=\"elementor-widget-wrap\">\n\t\t\t\t\t\t\t<\/div>\n\t\t<\/div>\n\t\t\t\t\t<\/div>\n\t\t<\/section>\n\t\t\t\t<section class=\"elementor-section elementor-top-section elementor-element elementor-element-2cff5c5 elementor-section-boxed elementor-section-height-default elementor-section-height-default\" data-id=\"2cff5c5\" data-element_type=\"section\" data-e-type=\"section\">\n\t\t\t\t\t\t<div class=\"elementor-container elementor-column-gap-default\">\n\t\t\t\t\t<div class=\"elementor-column elementor-col-50 elementor-top-column elementor-element elementor-element-6d5bff1\" data-id=\"6d5bff1\" data-element_type=\"column\" data-e-type=\"column\">\n\t\t\t<div class=\"elementor-widget-wrap elementor-element-populated\">\n\t\t\t\t\t\t<div class=\"elementor-element elementor-element-8dadfa8 elementor-widget elementor-widget-text-editor\" data-id=\"8dadfa8\" data-element_type=\"widget\" data-e-type=\"widget\" data-widget_type=\"text-editor.default\">\n\t\t\t\t<div class=\"elementor-widget-container\">\n\t\t\t\t\t\t\t\t\t<p>Im Zentrum des Netzwerks steht die bisher weitgehend ausgebliebene Diskussion \u00fcber das analoge Fotografieren beziehungsweise die analoge Fotografie beim Entwerfen von Architektur im 20. Jahrhundert. Obwohl in den letzten Jahren signifikante Fortschritte und ein wachsendes wissenschaftliches Interesse an der Erforschung von Architekturmedien sowohl f\u00fcr den Entwurf als auch f\u00fcr die Repr\u00e4sentation von Architektur zu verzeichnen sind, ist die Fotografie bislang nie umfassend als Entwurfsmedium der Architektur betrachtet worden. Dadurch sind auch die damit verbundenen (Wissens-)Praktiken zwangsl\u00e4ufig \u00fcbersehen worden. Die Netzwerkmitglieder fragen nach einer genuinen Wissensproduktion des Fotografischen im modernen Architekturschaffen. Gem\u00e4\u00df der gemeinsamen Leitthese kommt der Fotografie als Medium eine wesentliche Bedeutung im Entwurf zu, die weit \u00fcber das landl\u00e4ufige Verst\u00e4ndnis von reproduzierender Pr\u00e4sentation und vermeintlich objektiver Dokumentation hinausgeht. Die Rolle der analogen Fotografie scheint vielmehr darin zu liegen, mit ihren spezifischen Eigenschaften und Potentialen aktiv in die Entwurfsgenese zu intervenieren, um bestimmte Entwurfspraktiken und -schritte zu beeinflussen, zu bef\u00f6rdern oder \u00fcberhaupt erst zu erm\u00f6glichen.<\/p><p>Die Erforschung von Entwurfsprozessen und der verwendeten Techniken ist ein h\u00f6chst aktuelles Thema \u00fcber das Feld der Architekturwissenschaft hinaus. Das Arbeitsfeld von Architekt*innen hat sich in den letzten zwei Jahrzehnten radikal ge\u00e4ndert durch die Einf\u00fchrung von Computerprogrammen, die das Entwerfen heute pr\u00e4gen. Die Folgen der Verwendung dieser neuen Werkzeuge werden uns auf Jahrzehnte besch\u00e4ftigen, denn sie ver\u00e4ndern die Architektur, die heute geschaffen wird, radikal. Umso wichtiger ist es, die Entwurfswerkzeuge und -medien der Architektur st\u00e4rker in den Blick zu r\u00fccken und auf ihre Potenziale hin zu untersuchen, um zu verstehen, wie sie das Bauen beeinflussen. Indem wir das Thema des Netzwerks vor dem Aufkommen des digitalen Entwerfens ansetzen, versuchen wir im Sinne einer Medienarch\u00e4ologie eine solide Grundlage f\u00fcr ein Verst\u00e4ndnis aktueller Geschehnisse zu schaffen: nicht losgel\u00f6st von der Geschichte der Architekturmedien, sondern auf einer langen historischen Entwicklung fu\u00dfend.<\/p><p>Gef\u00f6rdert durch die Deutsche Forschungsgemeinschaft (DFG) &#8211; FA 1658\/1-1<\/p><p>Projektleiter:<br \/>Tobias Becker, Gestaltung &amp; Gestaltungstheorie, Department Architektur, Fakult\u00e4t II, Universit\u00e4t Siegen<br \/>Dennis Jelonnek, Kunsthistorisches Institut, FU Berlin<\/p><p>Initiiert von:<br \/>Teresa Fankh\u00e4nel, Associate curator, The Eli and Edythe Broad Art Museum, Michigan State University, East Lansing, Michigan<br \/>Ralf Liptau, ehem. Institut f\u00fcr Kunstgeschichte, Bauforschung und Denkmalpflege, TU Wien<br \/>Sarine Waltensp\u00fcl, Collegium Helveticum, ETH Z\u00fcrich<\/p><p>Weitere Mitglieder des Netzwerks:<br \/>Sarah Borree, Kunsthistorisches Institut, Goethe Universit\u00e4t Frankfurt<br \/>Cornelia Escher, Architekturgeschichte und -theorie, Fachbereich Kunstbezogene Wissenschaften, Kunstakademie D\u00fcsseldorf<br \/>Florian Henrich, Deutsches Dokumentationszentrum f\u00fcr Kunstgeschichte \u2013 Bildarchiv Foto Marburg<br \/>Birgit Schillak-Hammers, Lehrstuhl und Institut f\u00fcr Kunstgeschichte, Fakult\u00e4t Architektur, RWTH Aachen<br \/>Esther Stutz, Seminar f\u00fcr Medienwissenschaft, Universit\u00e4t Basel<\/p><p>Laufzeit: 12.2019 \u2013 01.2024<br \/>Abschlusspublikation &#8222;Der konstruierende Blick&#8220;, 2023, siehe\u00a0<a href=\"https:\/\/gestaltung.architektur.uni-siegen.de\/index.php\/publikationen\/\">Publikationen<\/a><\/p>\t\t\t\t\t\t\t\t<\/div>\n\t\t\t\t<\/div>\n\t\t\t\t\t<\/div>\n\t\t<\/div>\n\t\t\t\t<div class=\"elementor-column elementor-col-50 elementor-top-column elementor-element elementor-element-8c2b12c\" data-id=\"8c2b12c\" data-element_type=\"column\" data-e-type=\"column\">\n\t\t\t<div class=\"elementor-widget-wrap elementor-element-populated\">\n\t\t\t\t\t\t<div class=\"elementor-element elementor-element-d5a3b1b elementor-widget elementor-widget-image\" data-id=\"d5a3b1b\" data-element_type=\"widget\" data-e-type=\"widget\" data-widget_type=\"image.default\">\n\t\t\t\t<div class=\"elementor-widget-container\">\n\t\t\t\t\t\t\t\t\t\t\t\t<figure class=\"wp-caption\">\n\t\t\t\t\t\t\t\t\t\t<img loading=\"lazy\" decoding=\"async\" width=\"1024\" height=\"728\" src=\"https:\/\/gestaltung.architektur.uni-siegen.de\/wp-content\/uploads\/2022\/04\/large-1024x728.jpg\" class=\"attachment-large size-large wp-image-2152\" alt=\"\" srcset=\"https:\/\/gestaltung.architektur.uni-siegen.de\/wp-content\/uploads\/2022\/04\/large-1024x728.jpg 1024w, https:\/\/gestaltung.architektur.uni-siegen.de\/wp-content\/uploads\/2022\/04\/large-300x213.jpg 300w, https:\/\/gestaltung.architektur.uni-siegen.de\/wp-content\/uploads\/2022\/04\/large-768x546.jpg 768w, https:\/\/gestaltung.architektur.uni-siegen.de\/wp-content\/uploads\/2022\/04\/large.jpg 1280w\" sizes=\"(max-width: 1024px) 100vw, 1024px\" \/>\t\t\t\t\t\t\t\t\t\t\t<figcaption class=\"widget-image-caption wp-caption-text\">Architekturzentrum Wien, Sammlung Schwingenschl\u00f6gl. Inv.-Nr.: N11-125-oNr-F-01<\/figcaption>\n\t\t\t\t\t\t\t\t\t\t<\/figure>\n\t\t\t\t\t\t\t\t\t<\/div>\n\t\t\t\t<\/div>\n\t\t\t\t\t<\/div>\n\t\t<\/div>\n\t\t\t\t\t<\/div>\n\t\t<\/section>\n\t\t\t\t<\/div>\n\t\t","protected":false},"excerpt":{"rendered":"<p>Kooperation mit dem Forschungsprojekt: Literary Modelling and Energy Transition (LMET) WWU University of M\u00fcnsterKIT Karlsruhe Institute of Technology Supported by Volkswagen FoundationFunding Line Offen f\u00fcr Au\u00dfergew\u00f6hnliches \u2013 Off the Beaten Track LITERARY MODELLING AND ENERGY TRANSITION (LMET) is a collaborative research and consulting network at the University of M\u00fcnster (WWU) and the Karlsruhe Institute of [&hellip;]<\/p>\n","protected":false},"author":6,"featured_media":0,"parent":0,"menu_order":0,"comment_status":"closed","ping_status":"closed","template":"","meta":{"footnotes":""},"class_list":["post-252","page","type-page","status-publish","hentry","entry"],"_links":{"self":[{"href":"https:\/\/gestaltung.architektur.uni-siegen.de\/index.php\/wp-json\/wp\/v2\/pages\/252","targetHints":{"allow":["GET"]}}],"collection":[{"href":"https:\/\/gestaltung.architektur.uni-siegen.de\/index.php\/wp-json\/wp\/v2\/pages"}],"about":[{"href":"https:\/\/gestaltung.architektur.uni-siegen.de\/index.php\/wp-json\/wp\/v2\/types\/page"}],"author":[{"embeddable":true,"href":"https:\/\/gestaltung.architektur.uni-siegen.de\/index.php\/wp-json\/wp\/v2\/users\/6"}],"replies":[{"embeddable":true,"href":"https:\/\/gestaltung.architektur.uni-siegen.de\/index.php\/wp-json\/wp\/v2\/comments?post=252"}],"version-history":[{"count":12,"href":"https:\/\/gestaltung.architektur.uni-siegen.de\/index.php\/wp-json\/wp\/v2\/pages\/252\/revisions"}],"predecessor-version":[{"id":13004,"href":"https:\/\/gestaltung.architektur.uni-siegen.de\/index.php\/wp-json\/wp\/v2\/pages\/252\/revisions\/13004"}],"wp:attachment":[{"href":"https:\/\/gestaltung.architektur.uni-siegen.de\/index.php\/wp-json\/wp\/v2\/media?parent=252"}],"curies":[{"name":"wp","href":"https:\/\/api.w.org\/{rel}","templated":true}]}}