{"id":8397,"date":"2023-11-21T15:24:48","date_gmt":"2023-11-21T14:24:48","guid":{"rendered":"https:\/\/gestaltung.architektur.uni-siegen.de\/?page_id=8397"},"modified":"2025-09-17T13:48:48","modified_gmt":"2025-09-17T11:48:48","slug":"publikationen","status":"publish","type":"page","link":"https:\/\/gestaltung.architektur.uni-siegen.de\/index.php\/publikationen\/","title":{"rendered":"Publikationen"},"content":{"rendered":"\t\t<div data-elementor-type=\"wp-page\" data-elementor-id=\"8397\" class=\"elementor elementor-8397\">\n\t\t\t\t\t\t<section class=\"elementor-section elementor-top-section elementor-element elementor-element-028e504 elementor-section-boxed elementor-section-height-default elementor-section-height-default\" data-id=\"028e504\" data-element_type=\"section\" data-e-type=\"section\">\n\t\t\t\t\t\t<div class=\"elementor-container elementor-column-gap-default\">\n\t\t\t\t\t<div class=\"elementor-column elementor-col-50 elementor-top-column elementor-element elementor-element-57be35d\" data-id=\"57be35d\" data-element_type=\"column\" data-e-type=\"column\">\n\t\t\t<div class=\"elementor-widget-wrap elementor-element-populated\">\n\t\t\t\t\t\t<div class=\"elementor-element elementor-element-0dc147c elementor-widget elementor-widget-heading\" data-id=\"0dc147c\" data-element_type=\"widget\" data-e-type=\"widget\" data-widget_type=\"heading.default\">\n\t\t\t\t<div class=\"elementor-widget-container\">\n\t\t\t\t\t<h2 class=\"elementor-heading-title elementor-size-default\">Herausgeberschaften<\/h2>\t\t\t\t<\/div>\n\t\t\t\t<\/div>\n\t\t\t\t\t<\/div>\n\t\t<\/div>\n\t\t\t\t<div class=\"elementor-column elementor-col-50 elementor-top-column elementor-element elementor-element-488ba38\" data-id=\"488ba38\" data-element_type=\"column\" data-e-type=\"column\">\n\t\t\t<div class=\"elementor-widget-wrap\">\n\t\t\t\t\t\t\t<\/div>\n\t\t<\/div>\n\t\t\t\t\t<\/div>\n\t\t<\/section>\n\t\t\t\t<section class=\"elementor-section elementor-top-section elementor-element elementor-element-509de95 elementor-section-boxed elementor-section-height-default elementor-section-height-default\" data-id=\"509de95\" data-element_type=\"section\" data-e-type=\"section\">\n\t\t\t\t\t\t<div class=\"elementor-container elementor-column-gap-default\">\n\t\t\t\t\t<div class=\"elementor-column elementor-col-100 elementor-top-column elementor-element elementor-element-aebe52c\" data-id=\"aebe52c\" data-element_type=\"column\" data-e-type=\"column\">\n\t\t\t<div class=\"elementor-widget-wrap elementor-element-populated\">\n\t\t\t\t\t\t<div class=\"elementor-element elementor-element-60e2471 elementor-widget elementor-widget-spacer\" data-id=\"60e2471\" data-element_type=\"widget\" data-e-type=\"widget\" data-widget_type=\"spacer.default\">\n\t\t\t\t<div class=\"elementor-widget-container\">\n\t\t\t\t\t\t\t<div class=\"elementor-spacer\">\n\t\t\t<div class=\"elementor-spacer-inner\"><\/div>\n\t\t<\/div>\n\t\t\t\t\t\t<\/div>\n\t\t\t\t<\/div>\n\t\t\t\t\t<\/div>\n\t\t<\/div>\n\t\t\t\t\t<\/div>\n\t\t<\/section>\n\t\t\t\t<section class=\"elementor-section elementor-top-section elementor-element elementor-element-b812766 elementor-section-boxed elementor-section-height-default elementor-section-height-default\" data-id=\"b812766\" data-element_type=\"section\" data-e-type=\"section\">\n\t\t\t\t\t\t<div class=\"elementor-container elementor-column-gap-default\">\n\t\t\t\t\t<div class=\"elementor-column elementor-col-50 elementor-top-column elementor-element elementor-element-2187d07\" data-id=\"2187d07\" data-element_type=\"column\" data-e-type=\"column\">\n\t\t\t<div class=\"elementor-widget-wrap elementor-element-populated\">\n\t\t\t\t\t\t<div class=\"elementor-element elementor-element-4090226 elementor-widget elementor-widget-image\" data-id=\"4090226\" data-element_type=\"widget\" data-e-type=\"widget\" data-widget_type=\"image.default\">\n\t\t\t\t<div class=\"elementor-widget-container\">\n\t\t\t\t\t\t\t\t\t\t\t\t\t\t\t<img fetchpriority=\"high\" decoding=\"async\" width=\"666\" height=\"581\" src=\"https:\/\/gestaltung.architektur.uni-siegen.de\/wp-content\/uploads\/2024\/01\/Erbacher_Cover-1.jpg\" class=\"attachment-large size-large wp-image-8568\" alt=\"\" srcset=\"https:\/\/gestaltung.architektur.uni-siegen.de\/wp-content\/uploads\/2024\/01\/Erbacher_Cover-1.jpg 666w, https:\/\/gestaltung.architektur.uni-siegen.de\/wp-content\/uploads\/2024\/01\/Erbacher_Cover-1-300x262.jpg 300w\" sizes=\"(max-width: 666px) 100vw, 666px\" \/>\t\t\t\t\t\t\t\t\t\t\t\t\t\t\t<\/div>\n\t\t\t\t<\/div>\n\t\t\t\t\t<\/div>\n\t\t<\/div>\n\t\t\t\t<div class=\"elementor-column elementor-col-50 elementor-top-column elementor-element elementor-element-dbcc4d3\" data-id=\"dbcc4d3\" data-element_type=\"column\" data-e-type=\"column\">\n\t\t\t<div class=\"elementor-widget-wrap elementor-element-populated\">\n\t\t\t\t\t\t<div class=\"elementor-element elementor-element-fd047ee elementor-widget elementor-widget-text-editor\" data-id=\"fd047ee\" data-element_type=\"widget\" data-e-type=\"widget\" data-widget_type=\"text-editor.default\">\n\t\t\t\t<div class=\"elementor-widget-container\">\n\t\t\t\t\t\t\t\t\t<p><strong>Maximilian Erbacher \u2013 Versprechen <\/strong><br>Tobias Becker (Hrsg.)<\/p>\n<p>Mit Textbeitr\u00e4gen von Thorsten Schneider und Maximilian Erbacher<br>Reihe <em>hell<\/em>, Band 13<br>82 S., farbig, Format 20,5 x 23,5 cm<br>ISBN 978-3-96182-163-1<br>univer<em>si<\/em>, 2024<\/p>\n<p>Der K\u00fcnstler Maximilian Erbacher setzt sich seit vielen Jahren mit den politischen, \u00f6konomischen und sozialen Dynamiken im \u00f6ffentlichen Raum auseinander. Mit humorvollen wie schneidenden Kommentaren reagiert er auf das Beobachtete in Form urbaner Interventionen, die von spontanen Gesten bis zu lang geplanten Projekten reichen. Mit seinen Arbeiten kommentiert Erbacher oft unausgesprochene gesellschaftliche Vereinbarungen, Kulturen der Kommunikation und aus den Fugen geratene Besitz- und Machtverh\u00e4ltnisse \u2013 neuralgische Punkte unseres br\u00fcchig gewordenen gesellschaftlichen Zusammenlebens. Der Titel der Publikation \u2013 Versprechen \u2013 erz\u00e4hlt von einem Glauben an die Kraft des \u00f6ffentlichen Raums als Diskursraum, als Ort der Begegnung und der gesellschaftlichen Teilhabe und liefert einen Gegenentwurf zu populistischen Sprechweisen und deren affektiven Provokationen. Der Katalog zur 13. Ausstellung der Galerie hell des Departments Architektur f\u00fchrt erstmalig eine Auswahl seiner Arbeiten im \u00f6ffentlichen Raum aus den Jahren 2008 bis 2023 zusammen. <br><\/p>\n<p><\/p>\t\t\t\t\t\t\t\t<\/div>\n\t\t\t\t<\/div>\n\t\t\t\t\t<\/div>\n\t\t<\/div>\n\t\t\t\t\t<\/div>\n\t\t<\/section>\n\t\t\t\t<section class=\"elementor-section elementor-top-section elementor-element elementor-element-d10923f elementor-section-boxed elementor-section-height-default elementor-section-height-default\" data-id=\"d10923f\" data-element_type=\"section\" data-e-type=\"section\">\n\t\t\t\t\t\t<div class=\"elementor-container elementor-column-gap-default\">\n\t\t\t\t\t<div class=\"elementor-column elementor-col-100 elementor-top-column elementor-element elementor-element-6299a54\" data-id=\"6299a54\" data-element_type=\"column\" data-e-type=\"column\">\n\t\t\t<div class=\"elementor-widget-wrap elementor-element-populated\">\n\t\t\t\t\t\t<div class=\"elementor-element elementor-element-9ebb3e1 elementor-widget elementor-widget-spacer\" data-id=\"9ebb3e1\" data-element_type=\"widget\" data-e-type=\"widget\" data-widget_type=\"spacer.default\">\n\t\t\t\t<div class=\"elementor-widget-container\">\n\t\t\t\t\t\t\t<div class=\"elementor-spacer\">\n\t\t\t<div class=\"elementor-spacer-inner\"><\/div>\n\t\t<\/div>\n\t\t\t\t\t\t<\/div>\n\t\t\t\t<\/div>\n\t\t\t\t\t<\/div>\n\t\t<\/div>\n\t\t\t\t\t<\/div>\n\t\t<\/section>\n\t\t\t\t<section class=\"elementor-section elementor-top-section elementor-element elementor-element-b9f7c1d elementor-section-boxed elementor-section-height-default elementor-section-height-default\" data-id=\"b9f7c1d\" data-element_type=\"section\" data-e-type=\"section\">\n\t\t\t\t\t\t<div class=\"elementor-container elementor-column-gap-default\">\n\t\t\t\t\t<div class=\"elementor-column elementor-col-50 elementor-top-column elementor-element elementor-element-f3dc15d\" data-id=\"f3dc15d\" data-element_type=\"column\" data-e-type=\"column\">\n\t\t\t<div class=\"elementor-widget-wrap elementor-element-populated\">\n\t\t\t\t\t\t<div class=\"elementor-element elementor-element-d287464 elementor-widget elementor-widget-image\" data-id=\"d287464\" data-element_type=\"widget\" data-e-type=\"widget\" data-widget_type=\"image.default\">\n\t\t\t\t<div class=\"elementor-widget-container\">\n\t\t\t\t\t\t\t\t\t\t\t\t\t\t\t<img decoding=\"async\" width=\"708\" height=\"1024\" src=\"https:\/\/gestaltung.architektur.uni-siegen.de\/wp-content\/uploads\/2024\/01\/KB_Cover.jpg\" class=\"attachment-large size-large wp-image-8839\" alt=\"\" srcset=\"https:\/\/gestaltung.architektur.uni-siegen.de\/wp-content\/uploads\/2024\/01\/KB_Cover.jpg 709w, https:\/\/gestaltung.architektur.uni-siegen.de\/wp-content\/uploads\/2024\/01\/KB_Cover-208x300.jpg 208w\" sizes=\"(max-width: 708px) 100vw, 708px\" \/>\t\t\t\t\t\t\t\t\t\t\t\t\t\t\t<\/div>\n\t\t\t\t<\/div>\n\t\t\t\t\t<\/div>\n\t\t<\/div>\n\t\t\t\t<div class=\"elementor-column elementor-col-50 elementor-top-column elementor-element elementor-element-3a29cd8\" data-id=\"3a29cd8\" data-element_type=\"column\" data-e-type=\"column\">\n\t\t\t<div class=\"elementor-widget-wrap elementor-element-populated\">\n\t\t\t\t\t\t<div class=\"elementor-element elementor-element-e217e9f elementor-widget elementor-widget-text-editor\" data-id=\"e217e9f\" data-element_type=\"widget\" data-e-type=\"widget\" data-widget_type=\"text-editor.default\">\n\t\t\t\t<div class=\"elementor-widget-container\">\n\t\t\t\t\t\t\t\t\t<p><strong>Der konstruierende Blick. Fotografisches Entwerfen in der Architektur<\/strong><br>\nTobias Becker, Teresa Fankh\u00e4nel, Dennis Jelonnek, Sarine Waltensp\u00fcl (Hrsg.)<\/p>\n<p>Mit Textbeitr\u00e4gen von Sarah Borree, Cornelia Escher, Teresa Fankh\u00e4nel, Florian Henrich, Dennis Jelonnek, Birgit Schillak-Hammers und <br>Sarine Waltenspu\u0308l, Interviews mit Eva Maria Froschauer und Mariabruna Fabrizi sowie einem Bildessay von Tobias Becker<br>\n128 S., 44 Abb. farbig, Format 30 x 21 cm<br>\nISBN: 978-3-9876199-9-1<br>\nSchlaufen Verlag, 2023 <br><\/p>\n<p>Fotografien entwerfen Architektur: beim Testen einer Ansicht im Modell, als Elemente in Collagen, als Aufzeichnungsmedium in Versuchen oder als Quellensammlungen der Inspiration. Fotografien und die damit verbundenen Techniken und Praktiken ihrer Erzeugung und Handhabung beeinflussen Architektur fundamental. Der fotografische Blick konstruiert unsere St\u00e4dte und damit auch unser Leben. In ihrer Funktion als Entwurfsmedium ist die Fotografie jedoch nie eingehend betrachtet worden. Dieser Band versucht, eine Bandbreite an Ans\u00e4tzen zur Erforschung der analogen Fotografie als Medium des Entwerfens in der Architektur zu skizzieren. Ausgehend von fotografischen Praktiken \u2013 vom Beginn avantgardistischer Architekturstr\u00f6mungen in den 1910er Jahren bis zum Aufkommen digitaler Bildgebungsverfahren \u2013 beleuchten die versammelten Beitr\u00e4ge ausgew\u00e4hlte Beispiele, deren visuelle Strategien bis heute in allgegenw\u00e4rtigen digitalen Bildersammlungen und -datenbanken nachwirken.<\/p>\t\t\t\t\t\t\t\t<\/div>\n\t\t\t\t<\/div>\n\t\t\t\t\t<\/div>\n\t\t<\/div>\n\t\t\t\t\t<\/div>\n\t\t<\/section>\n\t\t\t\t<section class=\"elementor-section elementor-top-section elementor-element elementor-element-72bda06 elementor-section-boxed elementor-section-height-default elementor-section-height-default\" data-id=\"72bda06\" data-element_type=\"section\" data-e-type=\"section\">\n\t\t\t\t\t\t<div class=\"elementor-container elementor-column-gap-default\">\n\t\t\t\t\t<div class=\"elementor-column elementor-col-100 elementor-top-column elementor-element elementor-element-134411d\" data-id=\"134411d\" data-element_type=\"column\" data-e-type=\"column\">\n\t\t\t<div class=\"elementor-widget-wrap elementor-element-populated\">\n\t\t\t\t\t\t<div class=\"elementor-element elementor-element-be556f9 elementor-widget elementor-widget-spacer\" data-id=\"be556f9\" data-element_type=\"widget\" data-e-type=\"widget\" data-widget_type=\"spacer.default\">\n\t\t\t\t<div class=\"elementor-widget-container\">\n\t\t\t\t\t\t\t<div class=\"elementor-spacer\">\n\t\t\t<div class=\"elementor-spacer-inner\"><\/div>\n\t\t<\/div>\n\t\t\t\t\t\t<\/div>\n\t\t\t\t<\/div>\n\t\t\t\t\t<\/div>\n\t\t<\/div>\n\t\t\t\t\t<\/div>\n\t\t<\/section>\n\t\t\t\t<section class=\"elementor-section elementor-top-section elementor-element elementor-element-d280bc9 elementor-section-boxed elementor-section-height-default elementor-section-height-default\" data-id=\"d280bc9\" data-element_type=\"section\" data-e-type=\"section\">\n\t\t\t\t\t\t<div class=\"elementor-container elementor-column-gap-default\">\n\t\t\t\t\t<div class=\"elementor-column elementor-col-50 elementor-top-column elementor-element elementor-element-07c1ed5\" data-id=\"07c1ed5\" data-element_type=\"column\" data-e-type=\"column\">\n\t\t\t<div class=\"elementor-widget-wrap elementor-element-populated\">\n\t\t\t\t\t\t<div class=\"elementor-element elementor-element-28e597c elementor-widget elementor-widget-image\" data-id=\"28e597c\" data-element_type=\"widget\" data-e-type=\"widget\" data-widget_type=\"image.default\">\n\t\t\t\t<div class=\"elementor-widget-container\">\n\t\t\t\t\t\t\t\t\t\t\t\t\t\t\t<img decoding=\"async\" width=\"1024\" height=\"919\" src=\"https:\/\/gestaltung.architektur.uni-siegen.de\/wp-content\/uploads\/2024\/03\/Cover_SD_WEB-1024x919.jpg\" class=\"attachment-large size-large wp-image-9883\" alt=\"\" srcset=\"https:\/\/gestaltung.architektur.uni-siegen.de\/wp-content\/uploads\/2024\/03\/Cover_SD_WEB-1024x919.jpg 1024w, https:\/\/gestaltung.architektur.uni-siegen.de\/wp-content\/uploads\/2024\/03\/Cover_SD_WEB-300x269.jpg 300w, https:\/\/gestaltung.architektur.uni-siegen.de\/wp-content\/uploads\/2024\/03\/Cover_SD_WEB-768x689.jpg 768w, https:\/\/gestaltung.architektur.uni-siegen.de\/wp-content\/uploads\/2024\/03\/Cover_SD_WEB.jpg 1134w\" sizes=\"(max-width: 1024px) 100vw, 1024px\" \/>\t\t\t\t\t\t\t\t\t\t\t\t\t\t\t<\/div>\n\t\t\t\t<\/div>\n\t\t\t\t\t<\/div>\n\t\t<\/div>\n\t\t\t\t<div class=\"elementor-column elementor-col-50 elementor-top-column elementor-element elementor-element-eb567c4\" data-id=\"eb567c4\" data-element_type=\"column\" data-e-type=\"column\">\n\t\t\t<div class=\"elementor-widget-wrap elementor-element-populated\">\n\t\t\t\t\t\t<div class=\"elementor-element elementor-element-85c13c8 elementor-widget elementor-widget-text-editor\" data-id=\"85c13c8\" data-element_type=\"widget\" data-e-type=\"widget\" data-widget_type=\"text-editor.default\">\n\t\t\t\t<div class=\"elementor-widget-container\">\n\t\t\t\t\t\t\t\t\t<p><strong>Nieves de la Fuente \u2013 Somewhat Damaged <\/strong><br \/>Tobias Becker (Hrsg.)<\/p><p>Mit einem Texbeitrag von Tobias Becker <br \/>Reihe <em>hell<\/em>, Band 11<br \/>dt.\/engl., 82 S., farbig, Format 20,5 x 23,5 cm<br \/>ISBN 978-3-96182-130-3<br \/>univer<em>si<\/em>, 2022 <\/p><p>Der Katalog zur 11. Ausstellung der Galerie hell im Department Architektur widmet sich der K\u00fcnstlerin Nieves de la Fuente. De la Fuente setzt sich mit zeitgen\u00f6ssischen digitalen Medien auseinander und formuliert ihre Arbeiten \u00fcber multimediale Installationen bis hin zu reinen Augmented und Virtual Reality-Anwendungen. Nieves de la Fuentes Interesse gilt der Erforschung und Erprobung eigenst\u00e4ndiger wie widerst\u00e4ndiger Strategien der Navigation durch den digitalen Raum. Der Katalog f\u00fchrt f\u00fcnf ausgesuchte, konzeptuell sehr unterschiedlich angelegte Arbeiten de la Fuentes zusammen. Sie geben Einblick in k\u00fcnstlerische Praktiken im kritischen Umgang mit unseren gegenw\u00e4rtigen digitalen Umgebungen und ihren ideologischen Implikationen.<\/p>\t\t\t\t\t\t\t\t<\/div>\n\t\t\t\t<\/div>\n\t\t\t\t\t<\/div>\n\t\t<\/div>\n\t\t\t\t\t<\/div>\n\t\t<\/section>\n\t\t\t\t<section class=\"elementor-section elementor-top-section elementor-element elementor-element-91e5eb8 elementor-section-boxed elementor-section-height-default elementor-section-height-default\" data-id=\"91e5eb8\" data-element_type=\"section\" data-e-type=\"section\">\n\t\t\t\t\t\t<div class=\"elementor-container elementor-column-gap-default\">\n\t\t\t\t\t<div class=\"elementor-column elementor-col-100 elementor-top-column elementor-element elementor-element-f2ec97f\" data-id=\"f2ec97f\" data-element_type=\"column\" data-e-type=\"column\">\n\t\t\t<div class=\"elementor-widget-wrap elementor-element-populated\">\n\t\t\t\t\t\t<div class=\"elementor-element elementor-element-aafcac5 elementor-widget elementor-widget-spacer\" data-id=\"aafcac5\" data-element_type=\"widget\" data-e-type=\"widget\" data-widget_type=\"spacer.default\">\n\t\t\t\t<div class=\"elementor-widget-container\">\n\t\t\t\t\t\t\t<div class=\"elementor-spacer\">\n\t\t\t<div class=\"elementor-spacer-inner\"><\/div>\n\t\t<\/div>\n\t\t\t\t\t\t<\/div>\n\t\t\t\t<\/div>\n\t\t\t\t\t<\/div>\n\t\t<\/div>\n\t\t\t\t\t<\/div>\n\t\t<\/section>\n\t\t\t\t<section class=\"elementor-section elementor-top-section elementor-element elementor-element-75b03f5 elementor-section-boxed elementor-section-height-default elementor-section-height-default\" data-id=\"75b03f5\" data-element_type=\"section\" data-e-type=\"section\">\n\t\t\t\t\t\t<div class=\"elementor-container elementor-column-gap-default\">\n\t\t\t\t\t<div class=\"elementor-column elementor-col-50 elementor-top-column elementor-element elementor-element-c7a405b\" data-id=\"c7a405b\" data-element_type=\"column\" data-e-type=\"column\">\n\t\t\t<div class=\"elementor-widget-wrap elementor-element-populated\">\n\t\t\t\t\t\t<div class=\"elementor-element elementor-element-f058fa4 elementor-widget elementor-widget-image\" data-id=\"f058fa4\" data-element_type=\"widget\" data-e-type=\"widget\" data-widget_type=\"image.default\">\n\t\t\t\t<div class=\"elementor-widget-container\">\n\t\t\t\t\t\t\t\t\t\t\t\t\t\t\t<img loading=\"lazy\" decoding=\"async\" width=\"725\" height=\"1024\" src=\"https:\/\/gestaltung.architektur.uni-siegen.de\/wp-content\/uploads\/2024\/01\/TINAM_Cover-725x1024.jpg\" class=\"attachment-large size-large wp-image-8949\" alt=\"\" srcset=\"https:\/\/gestaltung.architektur.uni-siegen.de\/wp-content\/uploads\/2024\/01\/TINAM_Cover-725x1024.jpg 725w, https:\/\/gestaltung.architektur.uni-siegen.de\/wp-content\/uploads\/2024\/01\/TINAM_Cover-213x300.jpg 213w, https:\/\/gestaltung.architektur.uni-siegen.de\/wp-content\/uploads\/2024\/01\/TINAM_Cover-768x1084.jpg 768w, https:\/\/gestaltung.architektur.uni-siegen.de\/wp-content\/uploads\/2024\/01\/TINAM_Cover-1088x1536.jpg 1088w, https:\/\/gestaltung.architektur.uni-siegen.de\/wp-content\/uploads\/2024\/01\/TINAM_Cover.jpg 1339w\" sizes=\"(max-width: 725px) 100vw, 725px\" \/>\t\t\t\t\t\t\t\t\t\t\t\t\t\t\t<\/div>\n\t\t\t\t<\/div>\n\t\t\t\t\t<\/div>\n\t\t<\/div>\n\t\t\t\t<div class=\"elementor-column elementor-col-50 elementor-top-column elementor-element elementor-element-57b24dd\" data-id=\"57b24dd\" data-element_type=\"column\" data-e-type=\"column\">\n\t\t\t<div class=\"elementor-widget-wrap elementor-element-populated\">\n\t\t\t\t\t\t<div class=\"elementor-element elementor-element-182f4cb elementor-widget elementor-widget-text-editor\" data-id=\"182f4cb\" data-element_type=\"widget\" data-e-type=\"widget\" data-widget_type=\"text-editor.default\">\n\t\t\t\t<div class=\"elementor-widget-container\">\n\t\t\t\t\t\t\t\t\t<p><strong>This is not a model \u2013 Zum ku\u0308nstlerischen Umgang mit dem Architekturmodell<\/strong><br \/>Tobias Becker, Thomas H. Schmitz (Hrsg.)<\/p><p>Mit Textbeitr\u00e4gen von Tobias Becker, Stefanie Br\u00e4uer, Teresa Fankh\u00e4nel, Martin Hartung, Florian Huber, Ralf Liptau, Thomas Schmitz, <br \/>Sarine Waltenspu\u0308l und Reinhard Wendler<br \/>268 S., 153 Abb. farbig<br \/>DOI: 10.18154\/RWTH-2018-231624<br \/>Publikationsserver der RWTH Aachen, 2018<\/p><p>Der Band fu\u0308hrt die Ergebnisse einer Seminarreihe zusammen, die in den Jahren 2009 bis 2015 zum Thema des Architekturmodells mit jeweils wechselnden Fokussierungen durchgefu\u0308hrt wurde. Das Modell wurde aus verschiedenen Perspektiven als formales Ph\u00e4nomen sowie epistemisches Werkzeug zur Erkundung des Raumes und seiner Wahrnehmung betrachtet und ku\u0308nstlerisch verhandelt. Sein ambivalenter Charakter zwischen Existenz und Nicht-Existenz, zwischen Vor- und Nachbild animiert zur Reflektion u\u0308ber die in vielerlei Hinsicht ebenso ambivalenten R\u00e4ume und Realit\u00e4ten, in denen wir leben. Innerhalb der Kunst haben sich u\u0308ber die letzten Jahrzehnte vielseitige \u201eModellsprachen\u201c entwickelt, die den Raum als komplexes Gefu\u0308ge reflektieren. Sie dienen hier als Hintergrund fu\u0308r eine Vielzahl architekturbezogener und raumanalytischer Untersuchungen von Studierenden der Architektur, die in der praktischen Arbeit und im Diskurs die Potentiale der Begegnung der beiden Disziplinen ausloten. Begleitet werden die Ausf\u00fchrungen von Textbeitr\u00e4gen unterschiedlicher Vertreter*innen der aktuellen Modellforschung.<\/p>\t\t\t\t\t\t\t\t<\/div>\n\t\t\t\t<\/div>\n\t\t\t\t\t<\/div>\n\t\t<\/div>\n\t\t\t\t\t<\/div>\n\t\t<\/section>\n\t\t\t\t<section class=\"elementor-section elementor-top-section elementor-element elementor-element-ace0b4d elementor-section-boxed elementor-section-height-default elementor-section-height-default\" data-id=\"ace0b4d\" data-element_type=\"section\" data-e-type=\"section\">\n\t\t\t\t\t\t<div class=\"elementor-container elementor-column-gap-default\">\n\t\t\t\t\t<div class=\"elementor-column elementor-col-100 elementor-top-column elementor-element elementor-element-5d95e85\" data-id=\"5d95e85\" data-element_type=\"column\" data-e-type=\"column\">\n\t\t\t<div class=\"elementor-widget-wrap elementor-element-populated\">\n\t\t\t\t\t\t<div class=\"elementor-element elementor-element-60935f0 elementor-widget elementor-widget-spacer\" data-id=\"60935f0\" data-element_type=\"widget\" data-e-type=\"widget\" data-widget_type=\"spacer.default\">\n\t\t\t\t<div class=\"elementor-widget-container\">\n\t\t\t\t\t\t\t<div class=\"elementor-spacer\">\n\t\t\t<div class=\"elementor-spacer-inner\"><\/div>\n\t\t<\/div>\n\t\t\t\t\t\t<\/div>\n\t\t\t\t<\/div>\n\t\t\t\t\t<\/div>\n\t\t<\/div>\n\t\t\t\t\t<\/div>\n\t\t<\/section>\n\t\t\t\t<section class=\"elementor-section elementor-top-section elementor-element elementor-element-4fdde0f elementor-section-boxed elementor-section-height-default elementor-section-height-default\" data-id=\"4fdde0f\" data-element_type=\"section\" data-e-type=\"section\">\n\t\t\t\t\t\t<div class=\"elementor-container elementor-column-gap-default\">\n\t\t\t\t\t<div class=\"elementor-column elementor-col-50 elementor-top-column elementor-element elementor-element-2fe53c0\" data-id=\"2fe53c0\" data-element_type=\"column\" data-e-type=\"column\">\n\t\t\t<div class=\"elementor-widget-wrap elementor-element-populated\">\n\t\t\t\t\t\t<div class=\"elementor-element elementor-element-15cb9c9 elementor-widget elementor-widget-image\" data-id=\"15cb9c9\" data-element_type=\"widget\" data-e-type=\"widget\" data-widget_type=\"image.default\">\n\t\t\t\t<div class=\"elementor-widget-container\">\n\t\t\t\t\t\t\t\t\t\t\t\t\t\t\t<img loading=\"lazy\" decoding=\"async\" width=\"722\" height=\"1024\" src=\"https:\/\/gestaltung.architektur.uni-siegen.de\/wp-content\/uploads\/2024\/01\/SW-Labor_Cover-722x1024.jpg\" class=\"attachment-large size-large wp-image-8965\" alt=\"\" srcset=\"https:\/\/gestaltung.architektur.uni-siegen.de\/wp-content\/uploads\/2024\/01\/SW-Labor_Cover-722x1024.jpg 722w, https:\/\/gestaltung.architektur.uni-siegen.de\/wp-content\/uploads\/2024\/01\/SW-Labor_Cover-211x300.jpg 211w, https:\/\/gestaltung.architektur.uni-siegen.de\/wp-content\/uploads\/2024\/01\/SW-Labor_Cover-768x1089.jpg 768w, https:\/\/gestaltung.architektur.uni-siegen.de\/wp-content\/uploads\/2024\/01\/SW-Labor_Cover-1083x1536.jpg 1083w, https:\/\/gestaltung.architektur.uni-siegen.de\/wp-content\/uploads\/2024\/01\/SW-Labor_Cover.jpg 1166w\" sizes=\"(max-width: 722px) 100vw, 722px\" \/>\t\t\t\t\t\t\t\t\t\t\t\t\t\t\t<\/div>\n\t\t\t\t<\/div>\n\t\t\t\t\t<\/div>\n\t\t<\/div>\n\t\t\t\t<div class=\"elementor-column elementor-col-50 elementor-top-column elementor-element elementor-element-2af237e\" data-id=\"2af237e\" data-element_type=\"column\" data-e-type=\"column\">\n\t\t\t<div class=\"elementor-widget-wrap elementor-element-populated\">\n\t\t\t\t\t\t<div class=\"elementor-element elementor-element-56548c0 elementor-widget elementor-widget-text-editor\" data-id=\"56548c0\" data-element_type=\"widget\" data-e-type=\"widget\" data-widget_type=\"text-editor.default\">\n\t\t\t\t<div class=\"elementor-widget-container\">\n\t\t\t\t\t\t\t\t\t<p><strong>SW-Forschungslabor 2010-2015<\/strong><br \/>Thomas H. Schmitz, Tobias Becker (Hrsg.)<\/p><p>Mit Textbeitr\u00e4gen von Thomas Schmitz und Tobias Becker<br \/>165 S., 170 Abb.\u00a0schwarz\/wei\u00df<br \/>DOI: 10.18154\/RWTH-2018-227916<br \/>Publikationsserver der RWTH Aachen, 2016<\/p>\t\t\t\t\t\t\t\t<\/div>\n\t\t\t\t<\/div>\n\t\t\t\t\t<\/div>\n\t\t<\/div>\n\t\t\t\t\t<\/div>\n\t\t<\/section>\n\t\t\t\t<section class=\"elementor-section elementor-top-section elementor-element elementor-element-2b383ba elementor-section-boxed elementor-section-height-default elementor-section-height-default\" data-id=\"2b383ba\" data-element_type=\"section\" data-e-type=\"section\">\n\t\t\t\t\t\t<div class=\"elementor-container elementor-column-gap-default\">\n\t\t\t\t\t<div class=\"elementor-column elementor-col-100 elementor-top-column elementor-element elementor-element-8a3313a\" data-id=\"8a3313a\" data-element_type=\"column\" data-e-type=\"column\">\n\t\t\t<div class=\"elementor-widget-wrap elementor-element-populated\">\n\t\t\t\t\t\t<div class=\"elementor-element elementor-element-7d44c27 elementor-widget elementor-widget-spacer\" data-id=\"7d44c27\" data-element_type=\"widget\" data-e-type=\"widget\" data-widget_type=\"spacer.default\">\n\t\t\t\t<div class=\"elementor-widget-container\">\n\t\t\t\t\t\t\t<div class=\"elementor-spacer\">\n\t\t\t<div class=\"elementor-spacer-inner\"><\/div>\n\t\t<\/div>\n\t\t\t\t\t\t<\/div>\n\t\t\t\t<\/div>\n\t\t\t\t<div class=\"elementor-element elementor-element-feef62c elementor-widget elementor-widget-menu-anchor\" data-id=\"feef62c\" data-element_type=\"widget\" data-e-type=\"widget\" data-widget_type=\"menu-anchor.default\">\n\t\t\t\t<div class=\"elementor-widget-container\">\n\t\t\t\t\t\t\t<div class=\"elementor-menu-anchor\" id=\"Fachartikel\"><\/div>\n\t\t\t\t\t\t<\/div>\n\t\t\t\t<\/div>\n\t\t\t\t\t<\/div>\n\t\t<\/div>\n\t\t\t\t\t<\/div>\n\t\t<\/section>\n\t\t\t\t<section class=\"elementor-section elementor-top-section elementor-element elementor-element-abfcf80 elementor-section-boxed elementor-section-height-default elementor-section-height-default\" data-id=\"abfcf80\" data-element_type=\"section\" data-e-type=\"section\">\n\t\t\t\t\t\t<div class=\"elementor-container elementor-column-gap-default\">\n\t\t\t\t\t<div class=\"elementor-column elementor-col-50 elementor-top-column elementor-element elementor-element-65f209f\" data-id=\"65f209f\" data-element_type=\"column\" data-e-type=\"column\">\n\t\t\t<div class=\"elementor-widget-wrap elementor-element-populated\">\n\t\t\t\t\t\t<div class=\"elementor-element elementor-element-aa9eb2a elementor-widget elementor-widget-heading\" data-id=\"aa9eb2a\" data-element_type=\"widget\" data-e-type=\"widget\" data-widget_type=\"heading.default\">\n\t\t\t\t<div class=\"elementor-widget-container\">\n\t\t\t\t\t<h2 class=\"elementor-heading-title elementor-size-default\">Fachartikel &amp; Textbeitr\u00e4ge <\/h2>\t\t\t\t<\/div>\n\t\t\t\t<\/div>\n\t\t\t\t\t<\/div>\n\t\t<\/div>\n\t\t\t\t<div class=\"elementor-column elementor-col-50 elementor-top-column elementor-element elementor-element-4ba702d\" data-id=\"4ba702d\" data-element_type=\"column\" data-e-type=\"column\">\n\t\t\t<div class=\"elementor-widget-wrap\">\n\t\t\t\t\t\t\t<\/div>\n\t\t<\/div>\n\t\t\t\t\t<\/div>\n\t\t<\/section>\n\t\t\t\t<section class=\"elementor-section elementor-top-section elementor-element elementor-element-1fee1f8 elementor-section-boxed elementor-section-height-default elementor-section-height-default\" data-id=\"1fee1f8\" data-element_type=\"section\" data-e-type=\"section\">\n\t\t\t\t\t\t<div class=\"elementor-container elementor-column-gap-default\">\n\t\t\t\t\t<div class=\"elementor-column elementor-col-100 elementor-top-column elementor-element elementor-element-47b5f6d\" data-id=\"47b5f6d\" data-element_type=\"column\" data-e-type=\"column\">\n\t\t\t<div class=\"elementor-widget-wrap elementor-element-populated\">\n\t\t\t\t\t\t<div class=\"elementor-element elementor-element-17e73ee elementor-widget elementor-widget-spacer\" data-id=\"17e73ee\" data-element_type=\"widget\" data-e-type=\"widget\" data-widget_type=\"spacer.default\">\n\t\t\t\t<div class=\"elementor-widget-container\">\n\t\t\t\t\t\t\t<div class=\"elementor-spacer\">\n\t\t\t<div class=\"elementor-spacer-inner\"><\/div>\n\t\t<\/div>\n\t\t\t\t\t\t<\/div>\n\t\t\t\t<\/div>\n\t\t\t\t\t<\/div>\n\t\t<\/div>\n\t\t\t\t\t<\/div>\n\t\t<\/section>\n\t\t\t\t<section class=\"elementor-section elementor-top-section elementor-element elementor-element-da4b492 elementor-section-boxed elementor-section-height-default elementor-section-height-default\" data-id=\"da4b492\" data-element_type=\"section\" data-e-type=\"section\">\n\t\t\t\t\t\t<div class=\"elementor-container elementor-column-gap-default\">\n\t\t\t\t\t<div class=\"elementor-column elementor-col-50 elementor-top-column elementor-element elementor-element-f0522ec\" data-id=\"f0522ec\" data-element_type=\"column\" data-e-type=\"column\">\n\t\t\t<div class=\"elementor-widget-wrap elementor-element-populated\">\n\t\t\t\t\t\t<div class=\"elementor-element elementor-element-c11e3cf elementor-widget elementor-widget-image\" data-id=\"c11e3cf\" data-element_type=\"widget\" data-e-type=\"widget\" data-widget_type=\"image.default\">\n\t\t\t\t<div class=\"elementor-widget-container\">\n\t\t\t\t\t\t\t\t\t\t\t\t\t\t\t<img loading=\"lazy\" decoding=\"async\" width=\"662\" height=\"900\" src=\"https:\/\/gestaltung.architektur.uni-siegen.de\/wp-content\/uploads\/2025\/07\/Modelling_the_Energy_Transition_Cover.jpg\" class=\"attachment-large size-large wp-image-11258\" alt=\"\" srcset=\"https:\/\/gestaltung.architektur.uni-siegen.de\/wp-content\/uploads\/2025\/07\/Modelling_the_Energy_Transition_Cover.jpg 662w, https:\/\/gestaltung.architektur.uni-siegen.de\/wp-content\/uploads\/2025\/07\/Modelling_the_Energy_Transition_Cover-221x300.jpg 221w\" sizes=\"(max-width: 662px) 100vw, 662px\" \/>\t\t\t\t\t\t\t\t\t\t\t\t\t\t\t<\/div>\n\t\t\t\t<\/div>\n\t\t\t\t\t<\/div>\n\t\t<\/div>\n\t\t\t\t<div class=\"elementor-column elementor-col-50 elementor-top-column elementor-element elementor-element-8f883a5\" data-id=\"8f883a5\" data-element_type=\"column\" data-e-type=\"column\">\n\t\t\t<div class=\"elementor-widget-wrap elementor-element-populated\">\n\t\t\t\t\t\t<div class=\"elementor-element elementor-element-c8fdacb elementor-widget elementor-widget-text-editor\" data-id=\"c8fdacb\" data-element_type=\"widget\" data-e-type=\"widget\" id=\"Models\" data-widget_type=\"text-editor.default\">\n\t\t\t\t<div class=\"elementor-widget-container\">\n\t\t\t\t\t\t\t\t\t<p><strong>Models in Art: A Visual Approach to Energy Transition<\/strong>, S. 355-408, in:<br \/><strong>Modelling the Energy Transition. Cultures, Visions, Narratives<\/strong><br \/>Robert Matthias Erdbeer, Veit Hagenmeyer, Klaus Stierstorfer (Hrsg.)<\/p><p>Mit Textbeitr\u00e4gen von Robert Matthias Erdbeer \/ Veit Hagenmeyer \/ Klaus Stierstorfer, Bas C. van Fraassen, Hans-J\u00f6rg Rheinberger, Lorenzo Magnani, Nancy Cartwright \/ Faron Ray, Darin Tenev, Uwe K\u00fchnapfel \/ Veit Hagenmeyer, Victor Eniola \/ Kafayat Adeyemi \/ Mohammed Adamu \/ Olatubosun Fasipe \/ Jimento Aikhuele \/ Musa Zarmai und anderen, Francesco Lombardi \/ Diana S\u00fcsser \/ Frauke Wiese \/ Johan Lilliestam \/ Stefan Pfenninger, Gabriele Gramelsberger, Stefan B\u00f6schen, Benjamin Steininger, Stefanie Mueller, James Dorson, \u00d8yvind Eide und Tobias Becker<\/p><p>engl., 424 S., Format: Open Access + Print: Edition 1, XXXI, 408 Seiten, 51 Abb., davon 42 in Farbe<br \/>Reihe: Poetics of Modelling<br \/>ISBN 978-3-031-69030-3<br \/>ISBN 978-3-031-69031-0 (eBook)<br \/><a href=\"https:\/\/doi.org\/10.1007\/978-3-031-69031-0\" target=\"_blank\" rel=\"noopener\">https:\/\/doi.org\/10.1007\/978-3-031-69031-0<\/a><br \/>Palgrave Macmillan, London, 2025<\/p><p>This open access book reconfigures Energy Transition as a global discourse from a multidisciplinary perspective. Energy Transition is not only one of the most daring technological endeavours of the present, it is also its new master narrative. Focusing on modelling both as a cultural technique and as a strategy of innovation, the chapters provided in this volume throw into relief the visions, but also the blind spots of modelling the challenges of climate change. Thus, in a rare encounter, major voices from the Sciences and the Humanities, from Energy Systems Design, Mechanical Engineering, Theory of Science, Science and Technology Studies, Literary Studies and the Arts, have gathered here to overcome the cultural divide between the technological and the societal dimensions of this global task. In doing so, they offer a new form of model criticism, pointing to the impacts of what may be termed the \u2018Energy Imaginary\u2019 on the technosocial mindsets of our time.<\/p>\t\t\t\t\t\t\t\t<\/div>\n\t\t\t\t<\/div>\n\t\t\t\t\t<\/div>\n\t\t<\/div>\n\t\t\t\t\t<\/div>\n\t\t<\/section>\n\t\t\t\t<section class=\"elementor-section elementor-top-section elementor-element elementor-element-e9d6622 elementor-section-boxed elementor-section-height-default elementor-section-height-default\" data-id=\"e9d6622\" data-element_type=\"section\" data-e-type=\"section\">\n\t\t\t\t\t\t<div class=\"elementor-container elementor-column-gap-default\">\n\t\t\t\t\t<div class=\"elementor-column elementor-col-100 elementor-top-column elementor-element elementor-element-63bba89\" data-id=\"63bba89\" data-element_type=\"column\" data-e-type=\"column\">\n\t\t\t<div class=\"elementor-widget-wrap elementor-element-populated\">\n\t\t\t\t\t\t<div class=\"elementor-element elementor-element-b2c5a5a elementor-widget elementor-widget-spacer\" data-id=\"b2c5a5a\" data-element_type=\"widget\" data-e-type=\"widget\" data-widget_type=\"spacer.default\">\n\t\t\t\t<div class=\"elementor-widget-container\">\n\t\t\t\t\t\t\t<div class=\"elementor-spacer\">\n\t\t\t<div class=\"elementor-spacer-inner\"><\/div>\n\t\t<\/div>\n\t\t\t\t\t\t<\/div>\n\t\t\t\t<\/div>\n\t\t\t\t\t<\/div>\n\t\t<\/div>\n\t\t\t\t\t<\/div>\n\t\t<\/section>\n\t\t\t\t<section class=\"elementor-section elementor-top-section elementor-element elementor-element-5fef03e elementor-section-boxed elementor-section-height-default elementor-section-height-default\" data-id=\"5fef03e\" data-element_type=\"section\" data-e-type=\"section\">\n\t\t\t\t\t\t<div class=\"elementor-container elementor-column-gap-default\">\n\t\t\t\t\t<div class=\"elementor-column elementor-col-50 elementor-top-column elementor-element elementor-element-fcb8d08\" data-id=\"fcb8d08\" data-element_type=\"column\" data-e-type=\"column\">\n\t\t\t<div class=\"elementor-widget-wrap elementor-element-populated\">\n\t\t\t\t\t\t<div class=\"elementor-element elementor-element-74220c7 elementor-widget elementor-widget-image\" data-id=\"74220c7\" data-element_type=\"widget\" data-e-type=\"widget\" data-widget_type=\"image.default\">\n\t\t\t\t<div class=\"elementor-widget-container\">\n\t\t\t\t\t\t\t\t\t\t\t\t\t\t\t<img loading=\"lazy\" decoding=\"async\" width=\"735\" height=\"1024\" src=\"https:\/\/gestaltung.architektur.uni-siegen.de\/wp-content\/uploads\/2024\/05\/ADAUD-735x1024.jpg\" class=\"attachment-large size-large wp-image-10209\" alt=\"\" srcset=\"https:\/\/gestaltung.architektur.uni-siegen.de\/wp-content\/uploads\/2024\/05\/ADAUD-735x1024.jpg 735w, https:\/\/gestaltung.architektur.uni-siegen.de\/wp-content\/uploads\/2024\/05\/ADAUD-215x300.jpg 215w, https:\/\/gestaltung.architektur.uni-siegen.de\/wp-content\/uploads\/2024\/05\/ADAUD-768x1070.jpg 768w, https:\/\/gestaltung.architektur.uni-siegen.de\/wp-content\/uploads\/2024\/05\/ADAUD.jpg 1077w\" sizes=\"(max-width: 735px) 100vw, 735px\" \/>\t\t\t\t\t\t\t\t\t\t\t\t\t\t\t<\/div>\n\t\t\t\t<\/div>\n\t\t\t\t\t<\/div>\n\t\t<\/div>\n\t\t\t\t<div class=\"elementor-column elementor-col-50 elementor-top-column elementor-element elementor-element-046e04e\" data-id=\"046e04e\" data-element_type=\"column\" data-e-type=\"column\">\n\t\t\t<div class=\"elementor-widget-wrap elementor-element-populated\">\n\t\t\t\t\t\t<div class=\"elementor-element elementor-element-752fdf4 elementor-widget elementor-widget-text-editor\" data-id=\"752fdf4\" data-element_type=\"widget\" data-e-type=\"widget\" data-widget_type=\"text-editor.default\">\n\t\t\t\t<div class=\"elementor-widget-container\">\n\t\t\t\t\t\t\t\t\t<p><strong>Cloud Studies: A Prozess of Translation<\/strong>, S. 475-488, in:<br>\n<strong>Approaches to Drawing in Architectural and Urban Design<\/strong><br>\nFabio Colonnese, Nuno Grancho, Robin Schaeverbeeke (Hrsg.)<\/p>\n<p>Mit Textbeitr\u00e4gen von H\u00e9l\u00e8ne Aarts, Ana Arag\u00e3o, Basile Baudez, Tobias Becker, Paolo Belardi, Hetty Berens, Marianna Charitonidou, Henri Ciriani, Fabio Colonnese, Maria Grazia D&#8217;Amelio, Jan De Vylder, Judith Dobler, Lidia Gasperoni, Fabrizio Gay, Nuno Grancho, Simon Grennan, Lorenzo Grieco, Hubertus Guenther, Steven Holl, Fabio Lanfranchi, Carolin Lange, Jos\u00e9 Ignacio Linazasoro, Christoph Lueder, Luis Miguel \u201cKoldo\u201d Lus Arana, Kostas Manolidis, Valeria Menchetelli, Rahul Merhotra, Francisco Martinez Mindegu\u00eda, Luca Placci, Pari Riahi, Greta Ruffino, Robin Schaeverbeke, Thomas H. Schmitz, Marco Trisciuoglio, Wim Van den Bergh, Peter Wilson<\/p>\n<p>engl., 657 S., Format: 15 x 3,7 x 21 cm<br>\nISBN: 1-5275-6580-7<br>\nCambridge Scholars Publishing, 2024<\/p>\n<p>Architects draw for a variety of purposes; they draw to assimilate places and precedents, to generate ideas, to develop a concept into a consistent project in a team, to communicate ideas and solutions to patrons and clients, and to guide building contractors during the construction stages, as well as to produce further elaborations in order to publish their project in a treatise, a journal or their own portfolio. Most importantly, architects draw to think and to manage complexity in a visual way. By taking into account innovative and interdisciplinary uses of architectural drawing in the design process, both historical and current, the collection of chapters and interviews in this book frames a new critical perspective and a uniquely contextual appreciation of drawing as a way to encourage spatial thinking and practice in architecture and urbanism. The authors take the discussion to a new level of philosophical sophistication, while also considering drawing in relation to a series of specific engagements with urban development, planning, and architecture. <br><\/p>\t\t\t\t\t\t\t\t<\/div>\n\t\t\t\t<\/div>\n\t\t\t\t\t<\/div>\n\t\t<\/div>\n\t\t\t\t\t<\/div>\n\t\t<\/section>\n\t\t\t\t<section class=\"elementor-section elementor-top-section elementor-element elementor-element-6089419 elementor-section-boxed elementor-section-height-default elementor-section-height-default\" data-id=\"6089419\" data-element_type=\"section\" data-e-type=\"section\">\n\t\t\t\t\t\t<div class=\"elementor-container elementor-column-gap-default\">\n\t\t\t\t\t<div class=\"elementor-column elementor-col-100 elementor-top-column elementor-element elementor-element-313af6c\" data-id=\"313af6c\" data-element_type=\"column\" data-e-type=\"column\">\n\t\t\t<div class=\"elementor-widget-wrap elementor-element-populated\">\n\t\t\t\t\t\t<div class=\"elementor-element elementor-element-4a233b7 elementor-widget elementor-widget-spacer\" data-id=\"4a233b7\" data-element_type=\"widget\" data-e-type=\"widget\" data-widget_type=\"spacer.default\">\n\t\t\t\t<div class=\"elementor-widget-container\">\n\t\t\t\t\t\t\t<div class=\"elementor-spacer\">\n\t\t\t<div class=\"elementor-spacer-inner\"><\/div>\n\t\t<\/div>\n\t\t\t\t\t\t<\/div>\n\t\t\t\t<\/div>\n\t\t\t\t\t<\/div>\n\t\t<\/div>\n\t\t\t\t\t<\/div>\n\t\t<\/section>\n\t\t\t\t<section class=\"elementor-section elementor-top-section elementor-element elementor-element-b8e718c elementor-section-boxed elementor-section-height-default elementor-section-height-default\" data-id=\"b8e718c\" data-element_type=\"section\" data-e-type=\"section\">\n\t\t\t\t\t\t<div class=\"elementor-container elementor-column-gap-default\">\n\t\t\t\t\t<div class=\"elementor-column elementor-col-50 elementor-top-column elementor-element elementor-element-58f4b9b\" data-id=\"58f4b9b\" data-element_type=\"column\" data-e-type=\"column\">\n\t\t\t<div class=\"elementor-widget-wrap elementor-element-populated\">\n\t\t\t\t\t\t<div class=\"elementor-element elementor-element-c4bc779 elementor-widget elementor-widget-image\" data-id=\"c4bc779\" data-element_type=\"widget\" data-e-type=\"widget\" data-widget_type=\"image.default\">\n\t\t\t\t<div class=\"elementor-widget-container\">\n\t\t\t\t\t\t\t\t\t\t\t\t\t\t\t<img loading=\"lazy\" decoding=\"async\" width=\"679\" height=\"1024\" src=\"https:\/\/gestaltung.architektur.uni-siegen.de\/wp-content\/uploads\/2024\/01\/SP_Cover-679x1024.jpg\" class=\"attachment-large size-large wp-image-8886\" alt=\"\" srcset=\"https:\/\/gestaltung.architektur.uni-siegen.de\/wp-content\/uploads\/2024\/01\/SP_Cover-679x1024.jpg 679w, https:\/\/gestaltung.architektur.uni-siegen.de\/wp-content\/uploads\/2024\/01\/SP_Cover-199x300.jpg 199w, https:\/\/gestaltung.architektur.uni-siegen.de\/wp-content\/uploads\/2024\/01\/SP_Cover-768x1158.jpg 768w, https:\/\/gestaltung.architektur.uni-siegen.de\/wp-content\/uploads\/2024\/01\/SP_Cover-1019x1536.jpg 1019w, https:\/\/gestaltung.architektur.uni-siegen.de\/wp-content\/uploads\/2024\/01\/SP_Cover.jpg 1061w\" sizes=\"(max-width: 679px) 100vw, 679px\" \/>\t\t\t\t\t\t\t\t\t\t\t\t\t\t\t<\/div>\n\t\t\t\t<\/div>\n\t\t\t\t\t<\/div>\n\t\t<\/div>\n\t\t\t\t<div class=\"elementor-column elementor-col-50 elementor-top-column elementor-element elementor-element-04c4060\" data-id=\"04c4060\" data-element_type=\"column\" data-e-type=\"column\">\n\t\t\t<div class=\"elementor-widget-wrap elementor-element-populated\">\n\t\t\t\t\t\t<div class=\"elementor-element elementor-element-9b03aa5 elementor-widget elementor-widget-text-editor\" data-id=\"9b03aa5\" data-element_type=\"widget\" data-e-type=\"widget\" data-widget_type=\"text-editor.default\">\n\t\t\t\t<div class=\"elementor-widget-container\">\n\t\t\t\t\t\t\t\t\t<p><strong>Die Hu\u0308tte in der Eifel<\/strong>, S. 92-97, in: <br \/><strong>Eigensinnige Orte \/ Stubborn Places<\/strong><br \/>Stefanie Bu\u0308rkle, Alex Gross, Katrin Wegemann (Hrsg.)<\/p><p>Mit Textbeitr\u00e4gen von Ulrike Ottinger, Knut Ebeling, Lars Henrik Ostenfeld, Carla Hinrichs, Lawson Wood, Emily Strange, Elisabeth Brun, Lola Randl, Tobias Becker, Dong Zhou, David Karl, Zsuzsanna Toth u.a. <\/p><p>dt.\/engl., 208 S., Format: 17,2 x 24,6 cm<br \/>ISBN: 978-3-98741-078-9<br \/>Verlag Kettler, 2023<\/p><p>Was ist ein eigensinniger Ort? Was macht die Eigensinnigkeit eines Ortes aus? Wie kann diese Eigensinnigkeit mit Mitteln von Text und k\u00fcnstlerischer Forschung erschlossen werden? Sind das Orte mit eigenem Sinn oder Orte im eigenen Sinne? Verhandelt werden diese Fragen von Tobias Becker, Elisabeth Brun, Stefanie Bu\u0308rkle, Knut Ebeling, Alex Gross, Carla Hinrichs, David Karl, Lars Ostenfeld, Ulrike Ottinger, Lola Randl, Emily Strange, Zsuzsanna Toth, Katrin Wegemann, Lawson Wood und Dong Zhou. Sie alle schildern, wie aus ihren Disziplinen heraus daru\u0308ber gedacht werden kann. In den Texten und filmischen Projekten der Publikation geht es um den Dialog mit dem Ort und seinen Eigensinnigkeiten. Diese sind gekn\u00fcpft an tats\u00e4chliche Erfahrungen, das Exponiertsein und die Verletzlichkeit, verbunden mit einem Neugierigsein, einem Sicheinlassen, mit einem Zulassen des Ber\u00fchrtwerdens vom Ort.<\/p>\t\t\t\t\t\t\t\t<\/div>\n\t\t\t\t<\/div>\n\t\t\t\t\t<\/div>\n\t\t<\/div>\n\t\t\t\t\t<\/div>\n\t\t<\/section>\n\t\t\t\t<section class=\"elementor-section elementor-top-section elementor-element elementor-element-61b5c88 elementor-section-boxed elementor-section-height-default elementor-section-height-default\" data-id=\"61b5c88\" data-element_type=\"section\" data-e-type=\"section\">\n\t\t\t\t\t\t<div class=\"elementor-container elementor-column-gap-default\">\n\t\t\t\t\t<div class=\"elementor-column elementor-col-100 elementor-top-column elementor-element elementor-element-da69b40\" data-id=\"da69b40\" data-element_type=\"column\" data-e-type=\"column\">\n\t\t\t<div class=\"elementor-widget-wrap elementor-element-populated\">\n\t\t\t\t\t\t<div class=\"elementor-element elementor-element-8e5dbb6 elementor-widget elementor-widget-spacer\" data-id=\"8e5dbb6\" data-element_type=\"widget\" data-e-type=\"widget\" data-widget_type=\"spacer.default\">\n\t\t\t\t<div class=\"elementor-widget-container\">\n\t\t\t\t\t\t\t<div class=\"elementor-spacer\">\n\t\t\t<div class=\"elementor-spacer-inner\"><\/div>\n\t\t<\/div>\n\t\t\t\t\t\t<\/div>\n\t\t\t\t<\/div>\n\t\t\t\t\t<\/div>\n\t\t<\/div>\n\t\t\t\t\t<\/div>\n\t\t<\/section>\n\t\t\t\t<section class=\"elementor-section elementor-top-section elementor-element elementor-element-4312578 elementor-section-boxed elementor-section-height-default elementor-section-height-default\" data-id=\"4312578\" data-element_type=\"section\" data-e-type=\"section\">\n\t\t\t\t\t\t<div class=\"elementor-container elementor-column-gap-default\">\n\t\t\t\t\t<div class=\"elementor-column elementor-col-50 elementor-top-column elementor-element elementor-element-bfe8076\" data-id=\"bfe8076\" data-element_type=\"column\" data-e-type=\"column\">\n\t\t\t<div class=\"elementor-widget-wrap elementor-element-populated\">\n\t\t\t\t\t\t<div class=\"elementor-element elementor-element-13de107 elementor-widget elementor-widget-image\" data-id=\"13de107\" data-element_type=\"widget\" data-e-type=\"widget\" data-widget_type=\"image.default\">\n\t\t\t\t<div class=\"elementor-widget-container\">\n\t\t\t\t\t\t\t\t\t\t\t\t\t\t\t<img loading=\"lazy\" decoding=\"async\" width=\"724\" height=\"1024\" src=\"https:\/\/gestaltung.architektur.uni-siegen.de\/wp-content\/uploads\/2024\/01\/archimaera-einfuegen-1-724x1024.jpg\" class=\"attachment-large size-large wp-image-8993\" alt=\"\" srcset=\"https:\/\/gestaltung.architektur.uni-siegen.de\/wp-content\/uploads\/2024\/01\/archimaera-einfuegen-1-724x1024.jpg 724w, https:\/\/gestaltung.architektur.uni-siegen.de\/wp-content\/uploads\/2024\/01\/archimaera-einfuegen-1-212x300.jpg 212w, https:\/\/gestaltung.architektur.uni-siegen.de\/wp-content\/uploads\/2024\/01\/archimaera-einfuegen-1-768x1086.jpg 768w, https:\/\/gestaltung.architektur.uni-siegen.de\/wp-content\/uploads\/2024\/01\/archimaera-einfuegen-1.jpg 1063w\" sizes=\"(max-width: 724px) 100vw, 724px\" \/>\t\t\t\t\t\t\t\t\t\t\t\t\t\t\t<\/div>\n\t\t\t\t<\/div>\n\t\t\t\t\t<\/div>\n\t\t<\/div>\n\t\t\t\t<div class=\"elementor-column elementor-col-50 elementor-top-column elementor-element elementor-element-419bbf9\" data-id=\"419bbf9\" data-element_type=\"column\" data-e-type=\"column\">\n\t\t\t<div class=\"elementor-widget-wrap elementor-element-populated\">\n\t\t\t\t\t\t<div class=\"elementor-element elementor-element-3273ada elementor-widget elementor-widget-text-editor\" data-id=\"3273ada\" data-element_type=\"widget\" data-e-type=\"widget\" data-widget_type=\"text-editor.default\">\n\t\t\t\t<div class=\"elementor-widget-container\">\n\t\t\t\t\t\t\t\t\t<p><strong>Modell und Wirklichkeit<\/strong>, S. 171-177, in:<br \/><strong>archimaera, architektur.kultur.kontext.online, Ausgabe \u201eEinfu\u0308gen\u201c<\/strong><br \/>Adria Daraban, Rainer Schu\u0308tzeichel (Hrsg.)<\/p><p>https:\/\/www.archimaera.de\/2015\/einfuegen\/modell_und_wirklichkeit, 2015<\/p><p>\u201eNun sag, wie hast Du\u2019s mit dem Bestand?\u201c \u2013 Die Frage nach dem Verh\u00e4ltnis zum Bestehenden und zum Umgang mit dem Bestand k\u00f6nnte die Gretchenfrage der Architektur sein. In der heutigen Zeit, in welcher der Umfang von Geb\u00e4udesanierungen jenen der Neubaut\u00e4tigkeit deutlich \u00fcbersteigt, stellt sich diese Frage mit Vehemenz. Doch steht sie mitnichten erst seit Kurzem auf der Tagesordnung. Ein Blick in die Architekturgeschichte zeigt, dass Architektur vielmehr stets in einen wie auch immer gearteten Kontext eingebettet war und ist: allgemein in den des Ortes selbst oder, spezifischer, in den der Stadt und in die Nachbarschaft einzelner Geb\u00e4ude. Dar\u00fcber hinaus bilden Bauten zudem ein selbstreferentielles Bezugssystem, das bei Umbauten in unterschiedlicher Weise wirksam wird (etwa durch Anerkennung, Betonung, Steigerung auf der einen und Ablehnung, Kontrastierung oder auch blosse Nichtbeachtung auf der anderen Seite). Und blickt man schlie\u00dflich \u00fcber diese materiellen Aspekte hinaus, so steht Architektur immer in einem Verh\u00e4ltnis zur Geschichte, n\u00e4mlich zu der eines Ortes, eines Ereignisses und nicht zuletzt zur eigenen Geschichte, die f\u00fcr jedes Bauwerk schon in jenem Moment beginnen kann, in dem es erdacht wird, die sp\u00e4testens aber dann beginnt, wenn es fertig gestellt ist. <br \/>Die in der vorliegenden sechsten Ausgabe von archimaera versammelten Beitr\u00e4ge n\u00e4hern sich der Frage nach dem Umgang mit dem Bestand von der spezifischen Perspektive des \u201eEinf\u00fcgens\u201c. <\/p>\t\t\t\t\t\t\t\t<\/div>\n\t\t\t\t<\/div>\n\t\t\t\t\t<\/div>\n\t\t<\/div>\n\t\t\t\t\t<\/div>\n\t\t<\/section>\n\t\t\t\t<section class=\"elementor-section elementor-top-section elementor-element elementor-element-3916a6f elementor-section-boxed elementor-section-height-default elementor-section-height-default\" data-id=\"3916a6f\" data-element_type=\"section\" data-e-type=\"section\">\n\t\t\t\t\t\t<div class=\"elementor-container elementor-column-gap-default\">\n\t\t\t\t\t<div class=\"elementor-column elementor-col-100 elementor-top-column elementor-element elementor-element-9ff021d\" data-id=\"9ff021d\" data-element_type=\"column\" data-e-type=\"column\">\n\t\t\t<div class=\"elementor-widget-wrap elementor-element-populated\">\n\t\t\t\t\t\t<div class=\"elementor-element elementor-element-832062e elementor-widget elementor-widget-spacer\" data-id=\"832062e\" data-element_type=\"widget\" data-e-type=\"widget\" data-widget_type=\"spacer.default\">\n\t\t\t\t<div class=\"elementor-widget-container\">\n\t\t\t\t\t\t\t<div class=\"elementor-spacer\">\n\t\t\t<div class=\"elementor-spacer-inner\"><\/div>\n\t\t<\/div>\n\t\t\t\t\t\t<\/div>\n\t\t\t\t<\/div>\n\t\t\t\t\t<\/div>\n\t\t<\/div>\n\t\t\t\t\t<\/div>\n\t\t<\/section>\n\t\t\t\t<\/div>\n\t\t","protected":false},"excerpt":{"rendered":"<p>Herausgeberschaften Maximilian Erbacher \u2013 Versprechen Tobias Becker (Hrsg.) Mit Textbeitr\u00e4gen von Thorsten Schneider und Maximilian ErbacherReihe hell, Band 1382 S., farbig, Format 20,5 x 23,5 cmISBN 978-3-96182-163-1universi, 2024 Der K\u00fcnstler Maximilian Erbacher setzt sich seit vielen Jahren mit den politischen, \u00f6konomischen und sozialen Dynamiken im \u00f6ffentlichen Raum auseinander. Mit humorvollen wie schneidenden Kommentaren reagiert er [&hellip;]<\/p>\n","protected":false},"author":6,"featured_media":0,"parent":0,"menu_order":0,"comment_status":"closed","ping_status":"closed","template":"","meta":{"footnotes":""},"class_list":["post-8397","page","type-page","status-publish","hentry","entry"],"_links":{"self":[{"href":"https:\/\/gestaltung.architektur.uni-siegen.de\/index.php\/wp-json\/wp\/v2\/pages\/8397","targetHints":{"allow":["GET"]}}],"collection":[{"href":"https:\/\/gestaltung.architektur.uni-siegen.de\/index.php\/wp-json\/wp\/v2\/pages"}],"about":[{"href":"https:\/\/gestaltung.architektur.uni-siegen.de\/index.php\/wp-json\/wp\/v2\/types\/page"}],"author":[{"embeddable":true,"href":"https:\/\/gestaltung.architektur.uni-siegen.de\/index.php\/wp-json\/wp\/v2\/users\/6"}],"replies":[{"embeddable":true,"href":"https:\/\/gestaltung.architektur.uni-siegen.de\/index.php\/wp-json\/wp\/v2\/comments?post=8397"}],"version-history":[{"count":12,"href":"https:\/\/gestaltung.architektur.uni-siegen.de\/index.php\/wp-json\/wp\/v2\/pages\/8397\/revisions"}],"predecessor-version":[{"id":11811,"href":"https:\/\/gestaltung.architektur.uni-siegen.de\/index.php\/wp-json\/wp\/v2\/pages\/8397\/revisions\/11811"}],"wp:attachment":[{"href":"https:\/\/gestaltung.architektur.uni-siegen.de\/index.php\/wp-json\/wp\/v2\/media?parent=8397"}],"curies":[{"name":"wp","href":"https:\/\/api.w.org\/{rel}","templated":true}]}}